{"id":82,"date":"2020-11-27T17:14:33","date_gmt":"2020-11-27T16:14:33","guid":{"rendered":"http:\/\/finances.gov.bi\/?page_id=82"},"modified":"2026-04-24T10:06:41","modified_gmt":"2026-04-24T08:06:41","slug":"accueil","status":"publish","type":"page","link":"https:\/\/finances.gov.bi\/","title":{"rendered":"."},"content":{"rendered":"\t\t<div data-elementor-type=\"wp-page\" data-elementor-id=\"82\" class=\"elementor elementor-82\">\r\n\t\t\t\t\t\t<section class=\"elementor-section elementor-top-section elementor-element elementor-element-39456cb elementor-section-boxed elementor-section-height-default elementor-section-height-default\" data-id=\"39456cb\" data-element_type=\"section\">\r\n\t\t\t\t\t\t<div class=\"elementor-container elementor-column-gap-default\">\r\n\t\t\t\t\t<div class=\"elementor-column elementor-col-100 elementor-top-column elementor-element elementor-element-ba568ed\" data-id=\"ba568ed\" data-element_type=\"column\">\r\n\t\t\t<div class=\"elementor-widget-wrap elementor-element-populated\">\r\n\t\t\t\t\t\t<div class=\"elementor-element elementor-element-82026c2 elementor-widget elementor-widget-contentviews_widget_grid1\" data-id=\"82026c2\" data-element_type=\"widget\" data-widget_type=\"contentviews_widget_grid1.default\">\r\n\t\t\t\t<div class=\"elementor-widget-container\">\r\n\t\t\t<div class='pt-cv-wrapper'> <div class=\"pt-cv-view pt-cv-blockgrid iscvblock iscvelementor grid1 layout1 cveffect-zoomin\" id=\"pt-cv-view-82026c2\"><div data-id=\"pt-cv-page-1\" class=\"pt-cv-page\" data-cvc=\"2\"><div class=\" pt-cv-content-item pt-cv-1-col\" ><div class=\"pt-cv-thumb-wrapper  \"><a href=\"https:\/\/finances.gov.bi\/index.php\/2026\/04\/20\/le-burundi-aux-reunions-de-printemps-2026\/\" class=\"_self pt-cv-href-thumbnail pt-cv-thumb-default\" target=\"_self\" ><img fetchpriority=\"high\" width=\"800\" height=\"534\" src=\"https:\/\/finances.gov.bi\/wp-content\/uploads\/2026\/04\/2026-SM-DIALOGUE-1-1024x683.jpeg\" class=\"pt-cv-thumbnail\" alt=\"\" decoding=\"async\" \/><\/a><\/div>\n<h4 class=\"pt-cv-title\"><a href=\"https:\/\/finances.gov.bi\/index.php\/2026\/04\/20\/le-burundi-aux-reunions-de-printemps-2026\/\" class=\"_self\" target=\"_self\" >Le Burundi aux r\u00e9unions de printemps 2026<\/a><\/h4>\n<div class=\"pt-cv-rmwrap\"><a href=\"https:\/\/finances.gov.bi\/index.php\/2026\/04\/20\/le-burundi-aux-reunions-de-printemps-2026\/\" class=\"_self pt-cv-readmore btn btn-success\" target=\"_self\" >En Savoir Plus\u2026<\/a><\/div><\/div>\n<div class=\" pt-cv-content-item pt-cv-1-col\" ><div class=\"pt-cv-thumb-wrapper  \"><a href=\"https:\/\/finances.gov.bi\/index.php\/2026\/04\/09\/le-senat-examine-en-amont-la-trajectoire-budgetaire-de-letat\/\" class=\"_self pt-cv-href-thumbnail pt-cv-thumb-default\" target=\"_self\" ><img width=\"800\" height=\"629\" src=\"https:\/\/finances.gov.bi\/wp-content\/uploads\/2026\/04\/DPBEP-21-1024x805.jpg\" class=\"pt-cv-thumbnail\" alt=\"\" decoding=\"async\" \/><\/a><\/div>\n<h4 class=\"pt-cv-title\"><a href=\"https:\/\/finances.gov.bi\/index.php\/2026\/04\/09\/le-senat-examine-en-amont-la-trajectoire-budgetaire-de-letat\/\" class=\"_self\" target=\"_self\" >Le S\u00e9nat examine en amont la trajectoire budg\u00e9taire de l\u2019\u00c9tat<\/a><\/h4>\n<div class=\"pt-cv-rmwrap\"><a href=\"https:\/\/finances.gov.bi\/index.php\/2026\/04\/09\/le-senat-examine-en-amont-la-trajectoire-budgetaire-de-letat\/\" class=\"_self pt-cv-readmore btn btn-success\" target=\"_self\" >En Savoir Plus\u2026<\/a><\/div><\/div>\n<div class=\" pt-cv-content-item pt-cv-1-col\" ><div class=\"pt-cv-thumb-wrapper  \"><a href=\"https:\/\/finances.gov.bi\/index.php\/2026\/04\/08\/le-burundi-prepare-la-mise-en-place-du-systeme-integre-de-gestion-des-finances-publiques\/\" class=\"_self pt-cv-href-thumbnail pt-cv-thumb-default\" target=\"_self\" ><img width=\"800\" height=\"417\" src=\"https:\/\/finances.gov.bi\/wp-content\/uploads\/2026\/04\/SIGFP-8-1024x534.jpg\" class=\"pt-cv-thumbnail\" alt=\"\" decoding=\"async\" \/><\/a><\/div>\n<h4 class=\"pt-cv-title\"><a href=\"https:\/\/finances.gov.bi\/index.php\/2026\/04\/08\/le-burundi-prepare-la-mise-en-place-du-systeme-integre-de-gestion-des-finances-publiques\/\" class=\"_self\" target=\"_self\" >Le Burundi pr\u00e9pare la mise en place du Syst\u00e8me Int\u00e9gr\u00e9 de Gestion des Finances Publiques<\/a><\/h4>\n<div class=\"pt-cv-rmwrap\"><a href=\"https:\/\/finances.gov.bi\/index.php\/2026\/04\/08\/le-burundi-prepare-la-mise-en-place-du-systeme-integre-de-gestion-des-finances-publiques\/\" class=\"_self pt-cv-readmore btn btn-success\" target=\"_self\" >En Savoir Plus\u2026<\/a><\/div><\/div>\n<div class=\" pt-cv-content-item pt-cv-1-col\" ><div class=\"pt-cv-thumb-wrapper  \"><a href=\"https:\/\/finances.gov.bi\/index.php\/2026\/03\/27\/budget-2026-2027-ce-qui-change-dans-sa-preparation\/\" class=\"_self pt-cv-href-thumbnail pt-cv-thumb-default\" target=\"_self\" ><img loading=\"lazy\" width=\"800\" height=\"450\" src=\"https:\/\/finances.gov.bi\/wp-content\/uploads\/2026\/04\/SE-MoF-1024x576.jpg\" class=\"pt-cv-thumbnail\" alt=\"\" decoding=\"async\" \/><\/a><\/div>\n<h4 class=\"pt-cv-title\"><a href=\"https:\/\/finances.gov.bi\/index.php\/2026\/03\/27\/budget-2026-2027-ce-qui-change-dans-sa-preparation\/\" class=\"_self\" target=\"_self\" >Budget 2026-2027 : ce qui change dans sa pr\u00e9paration<\/a><\/h4>\n<div class=\"pt-cv-rmwrap\"><a href=\"https:\/\/finances.gov.bi\/index.php\/2026\/03\/27\/budget-2026-2027-ce-qui-change-dans-sa-preparation\/\" class=\"_self pt-cv-readmore btn btn-success\" target=\"_self\" >En Savoir Plus\u2026<\/a><\/div><\/div>\n<div class=\" pt-cv-content-item pt-cv-1-col\" ><div class=\"pt-cv-thumb-wrapper  \"><a href=\"https:\/\/finances.gov.bi\/index.php\/2026\/03\/23\/pafen-une-evaluation-a-mi-parcours-pour-accelerer-la-transformation-numerique\/\" class=\"_self pt-cv-href-thumbnail pt-cv-thumb-default\" target=\"_self\" ><img loading=\"lazy\" width=\"800\" height=\"566\" src=\"https:\/\/finances.gov.bi\/wp-content\/uploads\/2026\/03\/4O1A3451-1024x724.jpg\" class=\"pt-cv-thumbnail\" alt=\"\" decoding=\"async\" \/><\/a><\/div>\n<h4 class=\"pt-cv-title\"><a href=\"https:\/\/finances.gov.bi\/index.php\/2026\/03\/23\/pafen-une-evaluation-a-mi-parcours-pour-accelerer-la-transformation-numerique\/\" class=\"_self\" target=\"_self\" >PAFEN : une \u00e9valuation \u00e0 mi-parcours pour acc\u00e9l\u00e9rer la transformation num\u00e9rique<\/a><\/h4>\n<div class=\"pt-cv-rmwrap\"><a href=\"https:\/\/finances.gov.bi\/index.php\/2026\/03\/23\/pafen-une-evaluation-a-mi-parcours-pour-accelerer-la-transformation-numerique\/\" class=\"_self pt-cv-readmore btn btn-success\" target=\"_self\" >En Savoir Plus\u2026<\/a><\/div><\/div>\n<div class=\" pt-cv-content-item pt-cv-1-col\" ><div class=\"pt-cv-thumb-wrapper  \"><a href=\"https:\/\/finances.gov.bi\/index.php\/2026\/03\/19\/approvisionnement-en-engrais-le-gouvernement-en-action-pour-securiser-la-campagne-agricole\/\" class=\"_self pt-cv-href-thumbnail pt-cv-thumb-default\" target=\"_self\" ><img loading=\"lazy\" width=\"800\" height=\"534\" src=\"https:\/\/finances.gov.bi\/wp-content\/uploads\/2026\/03\/4O1A3259-1024x683.jpg\" class=\"pt-cv-thumbnail\" alt=\"\" decoding=\"async\" \/><\/a><\/div>\n<h4 class=\"pt-cv-title\"><a href=\"https:\/\/finances.gov.bi\/index.php\/2026\/03\/19\/approvisionnement-en-engrais-le-gouvernement-en-action-pour-securiser-la-campagne-agricole\/\" class=\"_self\" target=\"_self\" >Approvisionnement en engrais : le Gouvernement en action pour s\u00e9curiser la campagne agricole<\/a><\/h4>\n<div class=\"pt-cv-rmwrap\"><a href=\"https:\/\/finances.gov.bi\/index.php\/2026\/03\/19\/approvisionnement-en-engrais-le-gouvernement-en-action-pour-securiser-la-campagne-agricole\/\" class=\"_self pt-cv-readmore btn btn-success\" target=\"_self\" >En Savoir Plus\u2026<\/a><\/div><\/div><\/div><\/div> <\/div> \t\t<\/div>\r\n\t\t\t\t<\/div>\r\n\t\t\t\t\t<\/div>\r\n\t\t<\/div>\r\n\t\t\t\t\t<\/div>\r\n\t\t<\/section>\r\n\t\t\t\t<\/div>\r\n\t\t","protected":false},"excerpt":{"rendered":"<p>Le S\u00e9nat examine en amont la trajectoire budg\u00e9taire de l\u2019\u00c9tat En Savoir Plus\u2026 Le Burundi pr\u00e9pare la mise en place<\/p>\n","protected":false},"author":1,"featured_media":0,"parent":0,"menu_order":0,"comment_status":"closed","ping_status":"closed","template":"","meta":[],"folder":[],"_links":{"self":[{"href":"https:\/\/finances.gov.bi\/index.php\/wp-json\/wp\/v2\/pages\/82"}],"collection":[{"href":"https:\/\/finances.gov.bi\/index.php\/wp-json\/wp\/v2\/pages"}],"about":[{"href":"https:\/\/finances.gov.bi\/index.php\/wp-json\/wp\/v2\/types\/page"}],"author":[{"embeddable":true,"href":"https:\/\/finances.gov.bi\/index.php\/wp-json\/wp\/v2\/users\/1"}],"replies":[{"embeddable":true,"href":"https:\/\/finances.gov.bi\/index.php\/wp-json\/wp\/v2\/comments?post=82"}],"version-history":[{"count":20,"href":"https:\/\/finances.gov.bi\/index.php\/wp-json\/wp\/v2\/pages\/82\/revisions"}],"predecessor-version":[{"id":6871,"href":"https:\/\/finances.gov.bi\/index.php\/wp-json\/wp\/v2\/pages\/82\/revisions\/6871"}],"wp:attachment":[{"href":"https:\/\/finances.gov.bi\/index.php\/wp-json\/wp\/v2\/media?parent=82"}],"wp:term":[{"taxonomy":"folder","embeddable":true,"href":"https:\/\/finances.gov.bi\/index.php\/wp-json\/wp\/v2\/folder?post=82"}],"curies":[{"name":"wp","href":"https:\/\/api.w.org\/{rel}","templated":true}]}}